{"id":3,"date":"2023-04-16T09:57:05","date_gmt":"2023-04-16T07:57:05","guid":{"rendered":"https:\/\/mediversal-vision.roi.dev\/?page_id=3"},"modified":"2023-05-08T12:14:51","modified_gmt":"2023-05-08T10:14:51","slug":"adatkezelesi-tajekoztato","status":"publish","type":"page","link":"https:\/\/mediversalvision.hu\/en\/adatkezelesi-tajekoztato\/","title":{"rendered":"Adatkezel\u00e9si t\u00e1j\u00e9koztat\u00f3"},"content":{"rendered":"<p><strong>Mediversal Kft.<\/strong> <strong>adatkezel\u00e9si t\u00e1j\u00e9koztat\u00f3ja<\/strong> <strong>a Mediversal Vision szemklinika<\/strong> <strong>online v\u00e9gzett adatkezel\u00e9seivel kapcsolatban<\/strong><\/p>\n\n\n\n<p>A Mediversal Kft. (sz\u00e9khely: 6725 Szeged, Semmelweis utca 8., c\u00e9gjegyz\u00e9ksz\u00e1m: 06-09-011070, ad\u00f3sz\u00e1m: 13882495-2-06, telefonsz\u00e1m: +36 70 439 2188, e-mail: info@mediversal.hu, \u00f6n\u00e1ll\u00f3an k\u00e9pviseli: Vaszari Viktor \u00fcgyvezet\u0151 igazgat\u00f3, adatv\u00e9delmi tisztvisel\u0151 neve, el\u00e9rhet\u0151s\u00e9ge: Dr. B\u00f6lcskei Kriszti\u00e1n, postai \u00faton el\u00e9rhet\u0151 az Adatkezel\u0151 sz\u00e9khely\u00e9re c\u00edmzett lev\u00e9llel, elektronikusan az <a href=\"mailto:info@adatvedelmiauditor.hu\">info@adatvedelmiauditor.hu<\/a> c\u00edmre k\u00fcld\u00f6tt megkeres\u00e9ssel, a tov\u00e1bbiakban: Adatkezel\u0151) ez\u00faton t\u00e1j\u00e9koztatja \u00d6nt az \u00e1ltala \u00fczemeltetett Mediversal Vision szemklinika online v\u00e9gzett, az \u00d6n, mint a szemklinika weboldal\u00e1t \u00e9s az Adatkezel\u0151 k\u00f6z\u00f6ss\u00e9gi oldalait haszn\u00e1l\u00f3 szem\u00e9ly szempontj\u00e1b\u00f3l relev\u00e1ns adatkezel\u00e9sekr\u0151l \u00e9s egy\u00e9b t\u00e9nyekr\u0151l:<\/p>\n\n\n\n<p><a><\/a><strong>Tartalomjegyz\u00e9k<\/strong><\/p>\n\n\n\n<p><a href=\"#_Toc113835528\"><strong>I.<\/strong>&nbsp;&nbsp;&nbsp;&nbsp; <strong>Az adatkezel\u00e9sek k\u00f6z\u00f6s jellemz\u0151i<\/strong> 1<\/a><\/p>\n\n\n\n<p><a href=\"#_Toc113835529\"><strong>II.<\/strong>&nbsp;&nbsp;&nbsp;&nbsp;&nbsp;&nbsp; <strong>\u00c9rintett r\u00e9sz\u00e9r\u0151l e-mail-ben kezdem\u00e9nyezett kapcsolatfelv\u00e9tel sor\u00e1n megval\u00f3sul\u00f3 adatkezel\u00e9s<\/strong> 3<\/a><\/p>\n\n\n\n<p><a href=\"#_Toc113835530\"><strong>III.<\/strong>&nbsp;&nbsp;&nbsp;&nbsp;&nbsp; <strong>Weboldal kapcsolatfelv\u00e9tel \u0171rlapj\u00e1nak haszn\u00e1lata sor\u00e1n megval\u00f3sul\u00f3 adatkezel\u00e9s<\/strong>. 4<\/a><\/p>\n\n\n\n<p><a href=\"#_Toc113835531\"><strong>IV.<\/strong>&nbsp;&nbsp;&nbsp;&nbsp;&nbsp; <strong>Online id\u0151pontfoglal\u00e1si modul haszn\u00e1lata sor\u00e1n megval\u00f3sul\u00f3 adatkezel\u00e9s<\/strong>. 5<\/a><\/p>\n\n\n\n<p><a href=\"#_Toc113835532\"><strong>V.<\/strong>&nbsp;&nbsp;&nbsp; <strong>\u00c1ll\u00e1shirdet\u00e9sre vagy jelentkez\u0151i adatb\u00e1zisba e-mail-en kereszt\u00fcl&nbsp; t\u00f6rt\u00e9n\u0151 jelentkez\u00e9s sor\u00e1n megadott adatokkal kapcsolatos adatkezel\u00e9s<\/strong> 6<\/a><\/p>\n\n\n\n<p><a href=\"#_Toc113835533\"><strong>VI.<\/strong>&nbsp;&nbsp;&nbsp;&nbsp;&nbsp; <strong>K\u00f6z\u00f6ss\u00e9gi oldalakon t\u00f6rt\u00e9n\u0151 kapcsolatfelv\u00e9tel \u00e9s m\u00e1s interakci\u00f3 sor\u00e1n megadott adatokkal kapcsolatos adatkezel\u00e9s<\/strong> 8<\/a><\/p>\n\n\n\n<p><a href=\"#_Toc113835534\"><strong>VII.<\/strong>&nbsp;&nbsp;&nbsp;&nbsp; <strong>S\u00fctikezel\u00e9s<\/strong> 9<\/a><\/p>\n\n\n\n<p><a href=\"#_Toc113835535\"><strong>VIII.<\/strong>&nbsp;&nbsp;&nbsp;&nbsp;&nbsp;&nbsp; <strong>Az \u00e9rintett jogai<\/strong> 10<\/a><\/p>\n\n\n\n<p><a href=\"#_Toc113835536\"><strong>Hozz\u00e1f\u00e9r\u00e9shez val\u00f3 jog (GDPR 15. cikk)<\/strong> 11<\/a><\/p>\n\n\n\n<p><a href=\"#_Toc113835537\"><strong>Hozz\u00e1j\u00e1rul\u00e1s visszavon\u00e1s\u00e1nak joga (GDPR 7. cikk)<\/strong> 11<\/a><\/p>\n\n\n\n<p><a href=\"#_Toc113835538\"><strong>Helyesb\u00edt\u00e9shez val\u00f3 jog (GDPR 16. cikk)<\/strong> 11<\/a><\/p>\n\n\n\n<p><a href=\"#_Toc113835539\"><strong>Tiltakoz\u00e1shoz val\u00f3 jog (GDPR 21. cikk)<\/strong> 11<\/a><\/p>\n\n\n\n<p><a href=\"#_Toc113835540\"><strong>Adatkezel\u00e9s korl\u00e1toz\u00e1s\u00e1hoz val\u00f3 jog (GDPR 18. cikk)<\/strong> 11<\/a><\/p>\n\n\n\n<p><a href=\"#_Toc113835541\"><strong>T\u00f6rl\u00e9shez (elfeledtet\u00e9shez) val\u00f3 jog (GDPR 17. cikk)<\/strong> 11<\/a><\/p>\n\n\n\n<p><a href=\"#_Toc113835542\"><strong>Adathordozhat\u00f3s\u00e1ghoz val\u00f3 jog (GDPR 20. cikk)<\/strong> 12<\/a><\/p>\n\n\n\n<p><a href=\"#_Toc113835543\"><strong>\u00c9rintett hol \u00e9s hogyan k\u00e9rhet r\u00e9szletes t\u00e1j\u00e9koztat\u00e1st az adatok kezel\u00e9s\u00e9r\u0151l, tov\u00e1bb\u00edt\u00e1s\u00e1r\u00f3l, valamint hol \u00e9s hogyan \u00e9lhet jogaival?<\/strong>&nbsp; 12<\/a><\/p>\n\n\n\n<p><a href=\"#_Toc113835544\"><strong>A hat\u00f3s\u00e1g el\u00e9rhet\u0151s\u00e9ge panasz (GDPR 77. cikk) eset\u00e9n:<\/strong> 12<\/a><\/p>\n\n\n\n<h1 class=\"wp-block-heading\"><a id=\"_Toc113835528\"><strong>&nbsp;&nbsp;&nbsp;&nbsp;&nbsp;&nbsp;&nbsp;&nbsp;&nbsp;&nbsp;&nbsp;&nbsp;&nbsp;&nbsp;&nbsp;&nbsp;&nbsp;&nbsp;&nbsp;&nbsp;&nbsp;&nbsp;&nbsp;&nbsp;&nbsp;&nbsp;&nbsp;&nbsp;&nbsp;&nbsp;&nbsp;&nbsp;&nbsp;&nbsp;&nbsp;&nbsp;&nbsp;&nbsp;&nbsp;&nbsp;&nbsp;&nbsp;&nbsp;&nbsp;&nbsp;&nbsp;&nbsp;&nbsp;&nbsp;&nbsp;&nbsp;&nbsp;&nbsp;&nbsp;&nbsp;&nbsp;&nbsp;&nbsp;&nbsp;&nbsp;&nbsp;&nbsp;&nbsp;&nbsp;&nbsp;&nbsp;&nbsp;&nbsp;&nbsp;&nbsp;&nbsp;&nbsp;&nbsp;&nbsp;&nbsp;&nbsp;&nbsp;&nbsp;&nbsp;&nbsp;&nbsp;&nbsp;&nbsp;&nbsp;&nbsp;&nbsp;&nbsp;&nbsp;&nbsp;&nbsp;&nbsp;&nbsp;&nbsp;&nbsp;&nbsp;&nbsp;&nbsp;&nbsp;&nbsp;&nbsp;&nbsp;&nbsp;&nbsp;&nbsp;&nbsp;&nbsp;&nbsp;&nbsp;&nbsp;&nbsp;&nbsp;&nbsp;&nbsp;&nbsp;&nbsp;&nbsp;&nbsp;&nbsp;&nbsp;&nbsp;&nbsp;&nbsp;&nbsp;&nbsp;&nbsp;&nbsp;&nbsp;&nbsp;&nbsp;&nbsp; I.&nbsp;&nbsp;&nbsp;&nbsp;&nbsp;&nbsp;&nbsp;&nbsp; <\/strong><strong>Az adatkezel\u00e9sek k\u00f6z\u00f6s jellemz\u0151i<\/strong><\/a><strong><\/strong><\/h1>\n\n\n\n<ol class=\"wp-block-list\" type=\"1\">\n<li>\u00d6n, mint \u00e9rintett jogaival (a hozz\u00e1f\u00e9r\u00e9s joga, a helyesb\u00edt\u00e9s joga, a t\u00f6rl\u00e9shez val\u00f3 jog \u00e9s az \u201eelfeledtet\u00e9shez\u201d val\u00f3 jog, az adatok z\u00e1rol\u00e1shoz\/korl\u00e1toz\u00e1shoz val\u00f3 jog, tiltakoz\u00e1shoz val\u00f3 jog, az adathordozhat\u00f3s\u00e1ghoz val\u00f3 jog, hozz\u00e1j\u00e1rul\u00e1s visszavon\u00e1s\u00e1nak joga<a href=\"#erjogokkk\">, <strong>l\u00e1sd a jogok r\u00e9szletes le\u00edr\u00e1sait a t\u00e1j\u00e9koztat\u00f3 v\u00e9g\u00e9n<\/strong><\/a>) az Adatkezel\u0151, illetve az adatv\u00e9delmi tisztvisel\u0151 fenti el\u00e9rhet\u0151s\u00e9geinek b\u00e1rmelyik\u00e9re k\u00fcld\u00f6tt nyilatkozattal teheti meg, tov\u00e1bb\u00e1 panasszal fordulhat a hat\u00f3s\u00e1ghoz (mindenkori el\u00e9rhet\u0151s\u00e9get l\u00e1sd: NAIH, <a href=\"mailto:ugyfelszolgalat@naih.hu\">ugyfelszolgalat@naih.hu<\/a>; 1363 Bp., Pf. 9., <a href=\"http:\/\/www.naih.hu\">www.naih.hu<\/a>;), \u00e9s ha meg\u00edt\u00e9l\u00e9se szerint megs\u00e9rtett\u00e9k jogait, fordulhat a lak\u00f3helye szerint illet\u00e9kes b\u00edr\u00f3s\u00e1ghoz. Az Adatkezel\u0151 felh\u00edvja az \u00e9rintettek figyelm\u00e9t, hogy joggyakorl\u00e1suknak lehetnek felt\u00e9telei, valamint korl\u00e1tjai egy-egy adatkezel\u00e9ssel kapcsolatban, amely t\u00e9nyez\u0151ket az Adatkezel\u0151 vizsg\u00e1lni k\u00f6teles az \u00e9rintettek joggyakorl\u00e1sa eset\u00e9n. Abban az esetben, ha egy jog\u00e1val az \u00e9rintett adott adatkezel\u00e9s kapcs\u00e1n nem \u00e9lhet, \u00fagy a joggyakorl\u00e1st kiz\u00e1r\u00f3\/korl\u00e1toz\u00f3 t\u00e9nybeli \u00e9s\/vagy jogi indokokr\u00f3l az Adatkezel\u0151 \u00edr\u00e1sban (ide \u00e9rtve az elektronikus utat is) t\u00e1j\u00e9koztatja az \u00e9rintettet \u00e9s arr\u00f3l nyilv\u00e1ntart\u00e1st vezet.<\/li>\n<\/ol>\n\n\n\n<ul class=\"wp-block-list\">\n<li>Az Adatkezel\u0151 az informatikai v\u00e9delemmel kapcsolatos feladatai k\u00f6r\u00e9ben gondoskodik k\u00fcl\u00f6n\u00f6sen:<\/li>\n<\/ul>\n\n\n\n<ul class=\"wp-block-list\">\n<li>az adatkezel\u00e9shez haszn\u00e1lt eszk\u00f6z\u00f6k (a tov\u00e1bbiakban: adatkezel\u0151 rendszer) jogosulatlan szem\u00e9lyek \u00e1ltali hozz\u00e1f\u00e9r\u00e9s\u00e9nek megtagad\u00e1s\u00e1r\u00f3l,<\/li>\n\n\n\n<li>az adathordoz\u00f3k jogosulatlan olvas\u00e1s\u00e1nak, m\u00e1sol\u00e1s\u00e1nak, m\u00f3dos\u00edt\u00e1s\u00e1nak vagy elt\u00e1vol\u00edt\u00e1s\u00e1nak megakad\u00e1lyoz\u00e1s\u00e1r\u00f3l,<\/li>\n\n\n\n<li>az adatkezel\u0151 rendszerbe a szem\u00e9lyes adatok jogosulatlan bevitel\u00e9nek, valamint az abban t\u00e1rolt szem\u00e9lyes adatok jogosulatlan megismer\u00e9s\u00e9nek, m\u00f3dos\u00edt\u00e1s\u00e1nak vagy t\u00f6rl\u00e9s\u00e9nek megakad\u00e1lyoz\u00e1s\u00e1r\u00f3l,<\/li>\n\n\n\n<li>az adatkezel\u0151 rendszerek jogosulatlan szem\u00e9lyek \u00e1ltali, adat\u00e1tviteli berendez\u00e9s \u00fatj\u00e1n t\u00f6rt\u00e9n\u0151 haszn\u00e1lat\u00e1nak megakad\u00e1lyoz\u00e1s\u00e1r\u00f3l,<\/li>\n\n\n\n<li>arr\u00f3l, hogy az adatkezel\u0151 rendszer haszn\u00e1lat\u00e1ra jogosult szem\u00e9lyek kiz\u00e1r\u00f3lag a hozz\u00e1f\u00e9r\u00e9si enged\u00e9lyben meghat\u00e1rozott szem\u00e9lyes adatokhoz f\u00e9rjenek hozz\u00e1,<\/li>\n\n\n\n<li>arr\u00f3l, hogy ellen\u0151rizhet\u0151 \u00e9s meg\u00e1llap\u00edthat\u00f3 legyen, hogy a szem\u00e9lyes adatokat adat\u00e1tviteli berendez\u00e9s \u00fatj\u00e1n mely c\u00edmzettnek tov\u00e1bb\u00edtott\u00e1k vagy tov\u00e1bb\u00edthatj\u00e1k, illetve bocs\u00e1tott\u00e1k vagy bocs\u00e1thatj\u00e1k rendelkez\u00e9s\u00e9re<\/li>\n\n\n\n<li>arr\u00f3l, hogy ut\u00f3lag ellen\u0151rizhet\u0151 \u00e9s meg\u00e1llap\u00edthat\u00f3 legyen, hogy mely szem\u00e9lyes adatokat, mely id\u0151pontban, ki vitt be az adatkezel\u0151 rendszerbe<\/li>\n\n\n\n<li>a szem\u00e9lyes adatoknak azok tov\u00e1bb\u00edt\u00e1sa sor\u00e1n vagy az adathordoz\u00f3 sz\u00e1ll\u00edt\u00e1sa k\u00f6zben t\u00f6rt\u00e9n\u0151 jogosulatlan megismer\u00e9s\u00e9nek, m\u00e1sol\u00e1s\u00e1nak, m\u00f3dos\u00edt\u00e1s\u00e1nak vagy t\u00f6rl\u00e9s\u00e9nek megakad\u00e1lyoz\u00e1s\u00e1r\u00f3l<\/li>\n\n\n\n<li>arr\u00f3l, hogy \u00fczemzavar eset\u00e9n az adatkezel\u0151 rendszer helyre\u00e1ll\u00edthat\u00f3 legyen.<\/li>\n\n\n\n<li>arr\u00f3l, hogy az adatkezel\u0151 rendszer m\u0171k\u00f6d\u0151k\u00e9pes legyen, a m\u0171k\u00f6d\u00e9se sor\u00e1n fell\u00e9p\u0151 hib\u00e1kr\u00f3l jelent\u00e9s k\u00e9sz\u00fclj\u00f6n, tov\u00e1bb\u00e1 a t\u00e1rolt szem\u00e9lyes adatokat a rendszer hib\u00e1s m\u0171k\u00f6dtet\u00e9s\u00e9vel sem lehessen megv\u00e1ltoztatni.<\/li>\n<\/ul>\n\n\n\n<ul class=\"wp-block-list\">\n<li>Adattov\u00e1bb\u00edt\u00e1s b\u00e1rmelyik adatkezel\u00e9s kapcs\u00e1n t\u00f6rt\u00e9nhet jogi k\u00e9pvisel\u0151, hat\u00f3s\u00e1g, b\u00edr\u00f3s\u00e1g sz\u00e1m\u00e1ra sz\u00fcks\u00e9g eset\u00e9n. Egy\u00e9b adattov\u00e1bb\u00edt\u00e1sr\u00f3l az al\u00e1bbi t\u00e1bl\u00e1zatok ny\u00fajtanak tov\u00e1bbi t\u00e1j\u00e9koztat\u00e1st.<\/li>\n<\/ul>\n\n\n\n<ul class=\"wp-block-list\">\n<li>Az r\u00f6gz\u00edtett, kezelt szem\u00e9lyes adatokhoz a Mediversal Kft. jogosults\u00e1ggal rendelkez\u0151 munkav\u00e1llal\u00f3i f\u00e9rhetnek hozz\u00e1 a feladataik ell\u00e1t\u00e1sa c\u00e9lj\u00e1b\u00f3l \u00e9s ideig.<\/li>\n<\/ul>\n\n\n\n<ul class=\"wp-block-list\">\n<li><strong>Adatkezel\u0151 v\u00e9gez m\u00e1s, nem online t\u00f6rt\u00e9n\u0151 adatkezel\u00e9seket is, amelyekr\u0151l a jelen t\u00e1j\u00e9koztat\u00f3t\u00f3l formailag elk\u00fcl\u00f6n\u00fcl\u0151 t\u00e1j\u00e9koztat\u00f3kban tal\u00e1lhat az \u00e9rintett b\u0151vebb inform\u00e1ci\u00f3kat.<\/strong><\/li>\n<\/ul>\n\n\n\n<p><strong><br><\/strong><\/p>\n\n\n\n<h1 class=\"wp-block-heading\"><a id=\"_Toc113835530\"><strong>&nbsp;&nbsp;&nbsp;&nbsp;&nbsp;&nbsp;&nbsp;&nbsp;&nbsp;&nbsp;&nbsp;&nbsp;&nbsp;&nbsp;&nbsp;&nbsp;&nbsp;&nbsp;&nbsp;&nbsp;&nbsp;&nbsp;&nbsp;&nbsp;&nbsp;&nbsp;&nbsp;&nbsp;&nbsp;&nbsp;&nbsp;&nbsp;&nbsp;&nbsp;&nbsp;&nbsp;&nbsp;&nbsp;&nbsp;&nbsp;&nbsp;&nbsp;&nbsp;&nbsp;&nbsp;&nbsp;&nbsp;&nbsp;&nbsp;&nbsp;&nbsp;&nbsp;&nbsp;&nbsp;&nbsp;&nbsp;&nbsp;&nbsp;&nbsp;&nbsp;&nbsp;&nbsp;&nbsp;&nbsp;&nbsp;&nbsp; II.&nbsp;&nbsp;&nbsp;&nbsp;&nbsp;&nbsp;&nbsp;&nbsp; <\/strong><strong><u>Weboldal kapcsolatfelv\u00e9tel \u0171rlapj\u00e1nak haszn\u00e1lata sor\u00e1n megval\u00f3sul\u00f3 adatkezel\u00e9s<\/u><\/strong><\/a><strong><u><\/u><\/strong><\/h1>\n\n\n\n<p>Amennyiben \u00d6n az Adatkezel\u0151 weboldal\u00e1n a kapcsolatfelv\u00e9teli \u0171rlapot t\u00f6lti ki \u00e9s k\u00fcldi meg, \u00fagy adatkezel\u00e9s t\u00f6rt\u00e9nik.<\/p>\n\n\n\n<p>Az \u00e1ttekinthet\u0151s\u00e9get el\u0151seg\u00edtend\u0151, a weboldal kapcsolatfelv\u00e9teli \u0171rlapj\u00e1nak haszn\u00e1lata sor\u00e1n megval\u00f3sul\u00f3 adatkezel\u00e9s r\u00e9szleteir\u0151l az al\u00e1bbi t\u00e1bl\u00e1zat ad r\u00e9szletes felvil\u00e1gos\u00edt\u00e1st.<\/p>\n\n\n\n<figure class=\"wp-block-table\"><table><tbody><tr><td colspan=\"4\"><strong>\u00c9rintett \u00e1ltal a weboldal kapcsolatfelv\u00e9teli \u0171rlapj\u00e1nak haszn\u00e1lata sor\u00e1n megval\u00f3sul\u00f3 adatkezel\u00e9s \u00f6sszefoglal\u00f3 t\u00e1bl\u00e1zata<\/strong><\/td><\/tr><tr><td><strong>C\u00e9l<\/strong>:<\/td><td colspan=\"3\">az \u00e9rintett r\u00e9sz\u00e9r\u0151l a weboldal \u0171rlapj\u00e1nak haszn\u00e1lat\u00e1val kapcsolatfelv\u00e9tel az Adatkezel\u0151vel, illetve az \u00fczenetre t\u00f6rt\u00e9n\u0151 v\u00e1laszad\u00e1s<\/td><\/tr><tr><td><strong>\u00c9rintettek:<\/strong><\/td><td colspan=\"3\">Minden term\u00e9szetes szem\u00e9ly, aki a kapcsolatfelv\u00e9teli \u0171rlapon megadott adatokkal beazonos\u00edthat\u00f3, beazonos\u00edtott<\/td><\/tr><tr><td><strong>Forr\u00e1s<\/strong>:<\/td><td colspan=\"3\">\u00e9rintettek<\/td><\/tr><tr><td><strong>Adatk\u00f6r<\/strong><\/td><td><strong>C\u00e9l<\/strong><\/td><td><strong>Jogalap<\/strong><\/td><td><strong>T\u00e1rol\u00e1si id\u0151<\/strong><\/td><\/tr><tr><td>n\u00e9v*<\/td><td>azonos\u00edt\u00e1s, megsz\u00f3l\u00edt\u00e1s<\/td><td rowspan=\"5\">\u00f6nk\u00e9ntes hozz\u00e1j\u00e1rul\u00e1s (GDPR 6. cikk (1) a) pontja)<\/td><td rowspan=\"5\">c\u00e9l megval\u00f3sul\u00e1s\u00e1ig, vagy hamarabb, \u00e9rintett k\u00e9r\u00e9s\u00e9re t\u00f6rt\u00e9n\u0151 t\u00f6rl\u00e9sig, hozz\u00e1j\u00e1rul\u00e1s visszavon\u00e1s\u00e1ig &nbsp;<\/td><\/tr><tr><td>e-mail c\u00edm*<\/td><td>kapcsolattart\u00e1s<\/td><\/tr><tr><td>telefonsz\u00e1m<\/td><td>kapcsolattart\u00e1s<\/td><\/tr><tr><td>\u00fczenet*<\/td><td>\u00fczenet, kapcsolatfelv\u00e9tel<\/td><\/tr><tr><td>kapcsol\u00f3d\u00f3 technikai adat: adatv\u00e9delmi t\u00e1j\u00e9koztat\u00f3 tudom\u00e1sul v\u00e9tel\u00e9nek \u00e9s a bek\u00fcld\u00e9s id\u0151pontja*<\/td><td>k\u00e9s\u0151bbi bizony\u00edt\u00e1s<\/td><\/tr><tr><td><strong>Megjegyz\u00e9s:<\/strong><\/td><td colspan=\"3\">Amennyiben a weben kereszt\u00fcl t\u00f6rt\u00e9n\u0151 kapcsolatfelv\u00e9tel m\u00e1r l\u00e9trej\u00f6tt meg\u00e1llapod\u00e1s teljes\u00edt\u00e9se kapcs\u00e1n val\u00f3sul meg, \u00fagy term\u00e9szetes szem\u00e9ly partner, \u00fcgyf\u00e9l (p\u00e1ciens) eset\u00e9n az adatkezel\u00e9s jogalapja a meg\u00e1llapod\u00e1s teljes\u00edt\u00e9se (GDPR 6. cikk (1) b) pontja), nem term\u00e9szetes szem\u00e9ly partner k\u00e9pvisel\u0151j\u00e9nek, kapcsolattart\u00f3j\u00e1nak adatainak kezel\u00e9se eset\u00e9n az Adatkezel\u0151 kapcsolattart\u00e1si c\u00e9l\u00fa jogos \u00e9rdeke (GDPR 6. cikk (1) f) pontja). Ekkor a t\u00e1rol\u00e1si id\u0151 a jogviszony megsz\u0171n\u00e9s\u00e9t k\u00f6vet\u0151 5 \u00e9v (polg\u00e1ri jogi el\u00e9v\u00fcl\u00e9si id\u0151). &nbsp; Amennyiben a weben kereszt\u00fcl t\u00f6rt\u00e9n\u0151 kapcsolatfelv\u00e9tel panaszk\u00e9nt is \u00e9rtelmezhet\u0151, \u00fagy az adatkezel\u00e9s jogalapja a jogi k\u00f6telezetts\u00e9g teljes\u00edt\u00e9se (GDPR 6. cikk (1) c) pontja).<\/td><\/tr><tr><td><strong>Hogyan t\u00f6rt\u00e9nik az adatkezel\u00e9s?<\/strong><\/td><td colspan=\"3\">Az adatkezel\u00e9ssel \u00e9rintett tev\u00e9kenys\u00e9g \u00e9s folyamat: \u00c9rintett Adatkezel\u0151 weboldal\u00e1nak kapcsolatfelv\u00e9teli \u0171rlapj\u00e1t adataival kit\u00f6lti, az adatkezel\u00e9si t\u00e1j\u00e9koztat\u00f3t elolvassa, tudom\u00e1sul veszi \u00e9s kattint\u00e1ssal az adatokat az Adatkezel\u0151 szerver\u00e9re tov\u00e1bb\u00edtja.Az adatok biztons\u00e1gos csatorn\u00e1n kereszt\u00fcl jutnak el az Adatkezel\u0151 szerver\u00e9re.Az adatokat az Adatkezel\u0151 e jogosults\u00e1ggal rendelkez\u0151 dolgoz\u00f3ja megkapja, a megkeres\u00e9st megv\u00e1laszolja.<\/td><\/tr><tr><td><strong>Egy\u00e9b:<\/strong><\/td><td colspan=\"3\">A *-gal jel\u00f6lt adatokkal kapcsolatban az Adatkezel\u0151 felh\u00edvja a figyelmet arra, hogy azok az adatkezel\u00e9shez sz\u00fcks\u00e9gesek<\/td><\/tr><tr><td><strong>Automatiz\u00e1lt d\u00f6nt\u00e9shozatal, profilalkot\u00e1s:<\/strong><\/td><td colspan=\"3\">Nem t\u00f6rt\u00e9nik.<\/td><\/tr><\/tbody><\/table><\/figure>\n\n\n\n<h1 class=\"wp-block-heading\"><a id=\"_Toc113835533\"><strong>&nbsp;&nbsp;&nbsp;&nbsp;&nbsp;&nbsp;&nbsp;&nbsp;&nbsp;&nbsp;&nbsp;&nbsp;&nbsp;&nbsp;&nbsp;&nbsp;&nbsp;&nbsp;&nbsp;&nbsp;&nbsp; III.&nbsp;&nbsp;&nbsp;&nbsp;&nbsp;&nbsp;&nbsp;&nbsp; <\/strong><strong><u>K\u00f6z\u00f6ss\u00e9gi oldalakon t\u00f6rt\u00e9n\u0151 kapcsolatfelv\u00e9tel \u00e9s m\u00e1s interakci\u00f3 sor\u00e1n megadott adatokkal kapcsolatos adatkezel\u00e9s<\/u><\/strong><\/a><strong><u><\/u><\/strong><\/h1>\n\n\n\n<p>Adatkezel\u0151 el\u00e9rhet\u0151 a facebook.com oldalon (<a href=\"https:\/\/www.facebook.com\/people\/Mediversal-Vision\/100089722976599\/\">https:\/\/www.facebook.com\/people\/Mediversal-Vision\/100089722976599\/<\/a>), \u00e9s Instagram-on (<a href=\"https:\/\/www.instagram.com\/mediversalvision\/\">https:\/\/www.instagram.com\/mediversalvision\/<\/a>).<\/p>\n\n\n\n<p>\u00d6nnek lehet\u0151s\u00e9ge van a k\u00f6z\u00f6ss\u00e9gi oldalakon kereszt\u00fcl is kapcsolatatot felvenni az Adatkezel\u0151vel, valamint egy\u00e9b, a k\u00f6z\u00f6ss\u00e9gi oldal \u00e1ltal lehet\u0151v\u00e9 tett interakci\u00f3kat v\u00e9gezni. Ezek sor\u00e1n adatkezel\u00e9s t\u00f6rt\u00e9nik.<\/p>\n\n\n\n<p>Az \u00e1ttekinthet\u0151s\u00e9get el\u0151seg\u00edtend\u0151, a k\u00f6z\u00f6ss\u00e9gi oldalakon kapcsolatfelv\u00e9tel \u00e9s m\u00e1s interakci\u00f3 sor\u00e1n megval\u00f3sul\u00f3 adatkezel\u00e9s r\u00e9szleteir\u0151l az al\u00e1bbi t\u00e1bl\u00e1zat ad r\u00e9szletes \u00e9s \u00f6sszefoglal\u00f3 felvil\u00e1gos\u00edt\u00e1st.<\/p>\n\n\n\n<figure class=\"wp-block-table\"><table><tbody><tr><td colspan=\"4\"><strong>K\u00f6z\u00f6ss\u00e9gi oldalakon t\u00f6rt\u00e9n\u0151 kapcsolatfelv\u00e9tel \u00e9s m\u00e1s interakci\u00f3 sor\u00e1n megadott adatokkal kapcsolatos adatkezel\u00e9s \u00f6sszefoglal\u00f3 t\u00e1bl\u00e1zata<\/strong><\/td><\/tr><tr><td><strong>C\u00e9l<\/strong>:<\/td><td colspan=\"3\">az \u00e9rintett r\u00e9sz\u00e9r\u0151l a k\u00f6z\u00f6ss\u00e9gi oldal fel\u00fclet\u00e9n t\u00f6rt\u00e9n\u0151 kapcsolatfelv\u00e9tel el\u0151seg\u00edt\u00e9se, v\u00e1laszad\u00e1s<\/td><\/tr><tr><td><strong>\u00c9rintettek:<\/strong><\/td><td colspan=\"3\">Minden term\u00e9szetes szem\u00e9ly, aki a k\u00f6z\u00f6ss\u00e9gi oldal fel\u00fclet\u00e9n megadott adatokkal beazonos\u00edthat\u00f3, beazonos\u00edtott<\/td><\/tr><tr><td><strong>Forr\u00e1s<\/strong>:<\/td><td colspan=\"3\">\u00e9rintettek<\/td><\/tr><tr><td><strong>Kieg\u00e9sz\u00edt\u0151 inform\u00e1ci\u00f3:<\/strong><\/td><td colspan=\"3\">Adatkezel\u0151 \u00e9rintett al\u00e1bb meghat\u00e1rozott adatai k\u00f6z\u00fcl kiz\u00e1r\u00f3lag azokat kezeli, amelyek az adott kapcsolatfelv\u00e9tel \u00e9s\/vagy m\u00e1s interakci\u00f3 megval\u00f3sul\u00e1s\u00e1ra tekintettel val\u00f3ban sz\u00fcks\u00e9gesek.<\/td><\/tr><tr><td><strong>Adatk\u00f6r<\/strong><\/td><td><strong>C\u00e9l<\/strong><\/td><td><strong>Jogalap<\/strong><\/td><td><strong>T\u00e1rol\u00e1si id\u0151<\/strong><\/td><\/tr><tr><td>publikus n\u00e9v*<\/td><td>azonos\u00edt\u00e1s, megsz\u00f3l\u00edt\u00e1s<\/td><td rowspan=\"7\">\u00f6nk\u00e9ntes hozz\u00e1j\u00e1rul\u00e1s (GDPR 6. cikk (1) a) pontja)<\/td><td rowspan=\"7\">c\u00e9l megval\u00f3sul\u00e1s\u00e1ig, vagy hamarabb, \u00e9rintett k\u00e9r\u00e9s\u00e9re t\u00f6rt\u00e9n\u0151 t\u00f6rl\u00e9sig, hozz\u00e1j\u00e1rul\u00e1s visszavon\u00e1s\u00e1ig &nbsp;<\/td><\/tr><tr><td>publikus e-mail c\u00edm<\/td><td rowspan=\"2\">kapcsolattart\u00e1s, amennyiben sz\u00fcks\u00e9g van r\u00e1<\/td><\/tr><tr><td>publikus telefonsz\u00e1m<\/td><\/tr><tr><td>t\u00e1rgy<\/td><td>\u00fczenet t\u00e1rgya (ha el\u00e9rhet\u0151 a k\u00f6z\u00f6ss\u00e9gi oldalon)<\/td><\/tr><tr><td>\u00fczenet*<\/td><td>\u00fczenet, kapcsolatfelv\u00e9tel<\/td><\/tr><tr><td>k\u00f6z\u00f6ss\u00e9gi oldal szerinti egy\u00e9b interakci\u00f3 (k\u00f6vet\u00e9s, like-ol\u00e1s, megoszt\u00e1s, stb.)<\/td><td>k\u00f6z\u00f6ss\u00e9gi oldal adott funkci\u00f3j\u00e1nak haszn\u00e1lata<\/td><\/tr><tr><td>kapcsol\u00f3d\u00f3 technikai adat: bek\u00fcld\u00e9s id\u0151pontja*<\/td><td>k\u00e9s\u0151bbi bizony\u00edt\u00e1s<\/td><\/tr><tr><td><strong>Megjegyz\u00e9s:<\/strong><\/td><td colspan=\"3\">A facebook.com \u00e9s instagram.com oldalon megval\u00f3sul\u00f3 adatkezel\u00e9sek kapcs\u00e1n az oldalakat \u00fczemeltet\u0151 Meta Ireland Limited &nbsp;(4 Grand Canal Square, Grand Canal Harbour, Dublin 2 Ireland) k\u00f6z\u00f6s adatkezel\u0151nek min\u0151s\u00fcl a Mediversal Kft-vel. A Meta els\u0151sorban a k\u00f6z\u00f6s adatkezel\u00e9s kapcs\u00e1n az oldalelemz\u00e9sek adatait kezeli. A kapcsolattart\u00e1sra kijel\u00f6lt adatkezel\u0151 a Mediversal Kft. &nbsp; A Meta adatkezel\u00e9si k\u00f6zpontj\u00e1t a k\u00f6vetkez\u0151 linkeken \u00e9rheti el: <a href=\"https:\/\/www.facebook.com\/privacy\/center\/?entry_point=privacy_shortcuts_redirect\">Itt<\/a> \u00e9s a <a href=\"https:\/\/privacycenter.instagram.com\/\">https:\/\/privacycenter.instagram.com\/<\/a> oldalon Itt lehet az adatv\u00e9delmi be\u00e1ll\u00edt\u00e1sokat is m\u00f3dos\u00edtani. &nbsp; A youtube.com adatkezel\u00e9si t\u00e1j\u00e9koztat\u00f3ja itt \u00e9rhet\u0151 el: <a href=\"https:\/\/www.youtube.com\/howyoutubeworks\/our-commitments\/protecting-user-data\/\">https:\/\/www.youtube.com\/howyoutubeworks\/our-commitments\/protecting-user-data\/<\/a> &nbsp; Amennyiben a k\u00f6z\u00f6ss\u00e9gi oldalon t\u00f6rt\u00e9n\u0151 kapcsolatfelv\u00e9tel m\u00e1r l\u00e9trej\u00f6tt meg\u00e1llapod\u00e1s teljes\u00edt\u00e9se kapcs\u00e1n val\u00f3sul meg, \u00fagy term\u00e9szetes szem\u00e9ly partner eset\u00e9n az adatkezel\u00e9s jogalapja a meg\u00e1llapod\u00e1s teljes\u00edt\u00e9se (GDPR 6. cikk (1) b) pontja), vagy nem term\u00e9szetes szem\u00e9ly partner k\u00e9pvisel\u0151j\u00e9nek, kapcsolattart\u00f3j\u00e1nak adatainak kezel\u00e9se eset\u00e9n jogos \u00e9rdek (GDPR 6. cikk (1) f) pontja). Ekkor a t\u00e1rol\u00e1si id\u0151 a jogviszony megsz\u0171n\u00e9s\u00e9t k\u00f6vet\u0151 5 \u00e9v (polg\u00e1ri jogi el\u00e9v\u00fcl\u00e9si id\u0151). &nbsp; Amennyiben a k\u00f6z\u00f6ss\u00e9gi oldalon t\u00f6rt\u00e9n\u0151 kapcsolatfelv\u00e9tel fogyaszt\u00f3i panaszk\u00e9nt \u00e9rtelmezhet\u0151, \u00fagy az adatkezel\u00e9s jogalapja a jogi k\u00f6telezetts\u00e9g teljes\u00edt\u00e9se (GDPR 6. cikk (1) c) pontja). Ekkor a t\u00e1rol\u00e1si id\u0151 5 \u00e9v jogszab\u00e1ly rendelkez\u00e9se alapj\u00e1n.<\/td><\/tr><tr><td><strong>Hogyan t\u00f6rt\u00e9nik az adatkezel\u00e9s?<\/strong><\/td><td colspan=\"3\">Az adatkezel\u00e9ssel \u00e9rintett tev\u00e9kenys\u00e9g \u00e9s folyamat: \u00c9rintett a k\u00f6z\u00f6ss\u00e9gi oldal meghat\u00e1rozott fel\u00fclet\u00e9n kereszt\u00fcl kapcsolatba l\u00e9p az Adatkezel\u0151vel, vagy ha \u00e9rintett a k\u00f6z\u00f6ss\u00e9gi oldal egy\u00e9b funkci\u00f3it haszn\u00e1lja, \u00fagy az Adatkezel\u0151 \u00e9rtes\u00fcl az \u00e9rintett Adatkezel\u0151i oldallal kapcsolatos interakci\u00f3j\u00e1r\u00f3l (pl. bek\u00f6vet\u00e9s), annak id\u0151pontj\u00e1r\u00f3l, \u00e9s az \u00e9rintett publikuss\u00e1 tett adatair\u00f3l.<\/td><\/tr><tr><td><strong>Egy\u00e9b<\/strong><\/td><td colspan=\"3\">A *-gal jel\u00f6lt adatokkal kapcsolatban az Adatkezel\u0151 felh\u00edvja a figyelmet arra, hogy azok az adatkezel\u00e9shez sz\u00fcks\u00e9gesek<\/td><\/tr><tr><td><strong>Automatiz\u00e1lt d\u00f6nt\u00e9shozatal, profilalkot\u00e1s:<\/strong><\/td><td colspan=\"3\">Adatkezel\u0151 r\u00e9sz\u00e9r\u0151l nem t\u00f6rt\u00e9nik. &nbsp; A k\u00f6z\u00f6ss\u00e9gi oldalt \u00fczemeltet\u0151 r\u00e9sz\u00e9r\u0151l t\u00f6rt\u00e9nhet automatiz\u00e1lt d\u00f6nt\u00e9shozatal, profilalkot\u00e1s is, amelyr\u0151l a k\u00f6z\u00f6ss\u00e9gi oldal \u00fczemeltet\u0151je tud r\u00e9szletes t\u00e1j\u00e9koztat\u00e1st ny\u00fajtani.<\/td><\/tr><\/tbody><\/table><\/figure>\n\n\n\n<h1 class=\"wp-block-heading\"><a><\/a><a id=\"_Toc113835534\"><strong>&nbsp;&nbsp;&nbsp;&nbsp;&nbsp;&nbsp;&nbsp;&nbsp;&nbsp;&nbsp;&nbsp;&nbsp;&nbsp;&nbsp;&nbsp;&nbsp;&nbsp;&nbsp;&nbsp;&nbsp;&nbsp;&nbsp;&nbsp;&nbsp;&nbsp;&nbsp;&nbsp;&nbsp;&nbsp;&nbsp;&nbsp;&nbsp;&nbsp;&nbsp;&nbsp;&nbsp;&nbsp;&nbsp;&nbsp;&nbsp;&nbsp;&nbsp;&nbsp;&nbsp;&nbsp;&nbsp;&nbsp;&nbsp;&nbsp;&nbsp;&nbsp;&nbsp;&nbsp;&nbsp;&nbsp;&nbsp;&nbsp;&nbsp;&nbsp;&nbsp;&nbsp;&nbsp;&nbsp;&nbsp;&nbsp;&nbsp;&nbsp;&nbsp;&nbsp;&nbsp;&nbsp;&nbsp;&nbsp;&nbsp;&nbsp;&nbsp;&nbsp;&nbsp;&nbsp;&nbsp;&nbsp;&nbsp;&nbsp;&nbsp;&nbsp;&nbsp;&nbsp;&nbsp;&nbsp;&nbsp;&nbsp;&nbsp;&nbsp;&nbsp;&nbsp;&nbsp;&nbsp;&nbsp;&nbsp;&nbsp;&nbsp;&nbsp;&nbsp;&nbsp;&nbsp;&nbsp;&nbsp;&nbsp;&nbsp;&nbsp;&nbsp;&nbsp;&nbsp;&nbsp;&nbsp;&nbsp;&nbsp;&nbsp;&nbsp;&nbsp;&nbsp;&nbsp;&nbsp;&nbsp;&nbsp;&nbsp;&nbsp;&nbsp;&nbsp;&nbsp;&nbsp;&nbsp;&nbsp;&nbsp;&nbsp;&nbsp;&nbsp;&nbsp;&nbsp;&nbsp;&nbsp;&nbsp;&nbsp;&nbsp;&nbsp;&nbsp;&nbsp;&nbsp;&nbsp;&nbsp;&nbsp;&nbsp;&nbsp;&nbsp; IV.&nbsp;&nbsp;&nbsp;&nbsp;&nbsp;&nbsp;&nbsp;&nbsp; <\/strong><strong><u>S\u00fctikezel\u00e9s<\/u><\/strong><\/a><strong><u><\/u><\/strong><\/h1>\n\n\n\n<p>A weboldalon alkalmazott s\u00fctikr\u0151l a webhelyen el\u00e9rhet\u0151 s\u00fctit\u00e1j\u00e9koztat\u00f3 \u00e9s be\u00e1ll\u00edt\u00f3 fel\u00fclet ad r\u00e9szletes felvil\u00e1gos\u00edt\u00e1s, al\u00e1bbiakban egy \u00e1ltal\u00e1nos t\u00e1j\u00e9koztat\u00e1s \u00e9rhet\u0151 el.<\/p>\n\n\n\n<p><strong>S\u00fctik, vagy m\u00e1s n\u00e9ven, cookie-k<\/strong><\/p>\n\n\n\n<p>A s\u00fctik apr\u00f3, IT-adatokat tartalmaz\u00f3 sz\u00f6vegf\u00e1jlok, melyek a Webhely megfelel\u0151 m\u0171k\u00f6d\u00e9s\u00e9r\u0151l gondoskodnak. A v\u00e9gponti eszk\u00f6z\u00f6k t\u00e1rolj\u00e1k \u0151ket. A f\u00e1jlok felismerik az eszk\u00f6zt, \u00e9s a preferenci\u00e1ihoz igaz\u00edtj\u00e1k a Webhely megjelen\u00e9s\u00e9t. A s\u00fctik elengedhetetlenek ahhoz, hogy bejelentkezzen a Webhelyre, \u00e9s a funkci\u00f3k zavartalan m\u0171k\u00f6d\u00e9s\u00e9t is ezek biztos\u00edtj\u00e1k.<\/p>\n\n\n\n<p>A s\u00fcti be\u00e1ll\u00edt\u00e1sait&nbsp;a l\u00e1bl\u00e9cben felugr\u00f3 ablakban tal\u00e1lhat\u00f3 men\u00fcpontban m\u00f3dos\u00edthatja.<\/p>\n\n\n\n<p><strong>Cookie t\u00edpusok jellemz\u0151i<\/strong><\/p>\n\n\n\n<p><em>N\u00e9lk\u00fcl\u00f6zhetetlen cookie-k \/ Funkcion\u00e1lis cookie-k<\/em><\/p>\n\n\n\n<p>Ezek sz\u00fcks\u00e9gesek az oldal funkci\u00f3inak biztos\u00edt\u00e1s\u00e1ra \u2013 p\u00e9ld\u00e1ul bel\u00e9p\u00e9s, webshop kos\u00e1r\u2026 stb.<\/p>\n\n\n\n<p>A funkcion\u00e1lis cookiek tilt\u00e1s\u00e1val az oldal bizonyos funkci\u00f3i nem fognak megfelel\u0151k\u00e9ppen m\u0171k\u00f6dni.<\/p>\n\n\n\n<p><em>Teljes\u00edtm\u00e9ny cookie-k<\/em><\/p>\n\n\n\n<p>Az oldal haszn\u00e1lat\u00e1r\u00f3l gy\u0171jtenek inform\u00e1ci\u00f3t, illetve a felhaszn\u00e1l\u00f3 tev\u00e9kenys\u00e9g\u00e9r\u0151l. Szem\u00e9lyes azonos\u00edt\u00e1sra nem alkalmasak, de inform\u00e1ci\u00f3t szolg\u00e1ltatnak a b\u00f6ng\u00e9sz\u0151 t\u00edpus\u00e1r\u00f3l, a monitor felbont\u00e1s\u00e1r\u00f3l, a weboldal bej\u00e1r\u00e1s\u00e1nak m\u00f3dj\u00e1r\u00f3l. C\u00e9ljuk, hogy olyan adatokat szolg\u00e1ltassanak a weboldal tulajdonos\u00e1nak, amelyekkel az oldal m\u0171k\u00f6d\u00e9s\u00e9t, min\u0151s\u00e9g\u00e9t jav\u00edthatj\u00e1k.<\/p>\n\n\n\n<p><em>Rekl\u00e1mc\u00e9l\u00fa cookie-k<\/em><\/p>\n\n\n\n<p>C\u00e9ljuk, hogy a weboldalon megjelen\u0151 rekl\u00e1mok min\u00e9l ink\u00e1bb a l\u00e1togat\u00f3 ig\u00e9nyeihez \u00e9s \u00e9rdekl\u0151d\u00e9s\u00e9hez igazodjanak. Ilyen cookie-kat csak azok az oldalak szolg\u00e1ltatnak, amiken rekl\u00e1mok jelennek meg.<\/p>\n\n\n\n<p><em>A cookie-k t\u00f6rl\u00e9se<\/em><\/p>\n\n\n\n<p>Minden modern b\u00f6ng\u00e9sz\u0151 enged\u00e9lyezi a s\u00fctik be\u00e1ll\u00edt\u00e1s\u00e1nak a v\u00e1ltoztat\u00e1s\u00e1t. A legt\u00f6bb b\u00f6ng\u00e9sz\u0151 alap\u00e9rtelmezettk\u00e9nt automatikusan elfogadja a s\u00fctiket, de ezek \u00e1ltal\u00e1ban megv\u00e1ltoztathat\u00f3ak, hogy megakad\u00e1lyozza az automatikus elfogad\u00e1st \u00e9s minden alkalommal felaj\u00e1nlja a v\u00e1laszt\u00e1s lehet\u0151s\u00e9g\u00e9t, hogy szeretne vagy nem, s\u00fctiket enged\u00e9lyezni. Felh\u00edvjuk sz\u00edves figyelm\u00e9t, hogy mivel a s\u00fctik c\u00e9lja weboldalunk haszn\u00e1lhat\u00f3s\u00e1g\u00e1nak megk\u00f6nny\u00edt\u00e9se, a cookie-k alkalmaz\u00e1s\u00e1nak megakad\u00e1lyoz\u00e1sa vagy t\u00f6rl\u00e9se \u00e1ltal el\u0151fordulhat, hogy \u00d6n nem lesz k\u00e9pes weboldalunk funkci\u00f3inak teljes k\u00f6r\u0171 haszn\u00e1lat\u00e1ra, illetve hogy a weboldal a tervezett\u0151l elt\u00e9r\u0151en fog m\u0171k\u00f6dni b\u00f6ng\u00e9sz\u0151j\u00e9ben.<\/p>\n\n\n\n<p><em>Cookiek tilt\u00e1sa<\/em><\/p>\n\n\n\n<p>A cookie-kat a b\u00f6ng\u00e9sz\u0151 hozza l\u00e9tre, \u00e9s t\u00e1rolja, \u00edgy a b\u00f6ng\u00e9sz\u0151n bel\u00fcl van lehet\u0151s\u00e9g a tilt\u00e1sukra. Azt viszont figyelembe kell venni, hogy a tiltott cookiekkal a megszokott weboldalakn\u00e1l megvan az es\u00e9ly, hogy nem fognak megfelel\u0151en m\u0171k\u00f6dni.<\/p>\n\n\n\n<p>A cookie-k letilt\u00e1s\u00e1ra vonatkoz\u00f3 inform\u00e1ci\u00f3kat keresse a b\u00f6ng\u00e9sz\u0151je S\u00fag\u00f3j\u00e1ban.<\/p>\n\n\n\n<ul class=\"wp-block-list\">\n<li>Google Analytics tilt\u00e1sa b\u00f6ng\u00e9sz\u0151 pluginnel: <a href=\"https:\/\/tools.google.com\/dlpage\/gaoptout\">https:\/\/tools.google.com\/dlpage\/gaoptout<\/a><\/li>\n\n\n\n<li>Cookie-k tilt\u00e1sa Chrome b\u00f6ng\u00e9sz\u0151ben: <a href=\"https:\/\/support.google.com\/chrome\/answer\/95647?hl=hu\">https:\/\/support.google.com\/chrome\/answer\/95647?hl=hu<\/a><\/li>\n\n\n\n<li>Cookie-k tilt\u00e1sa Firefox b\u00f6ng\u00e9sz\u0151ben: <a href=\"https:\/\/support.mozilla.org\/hu\/kb\/sutik-engedelyezese-es-tiltasa-amit-weboldak-haszn\">https:\/\/support.mozilla.org\/hu\/kb\/sutik-engedelyezese-es-tiltasa-amit-weboldak-haszn<\/a><\/li>\n\n\n\n<li>Cookie-k tilt\u00e1sa Internet Explorer b\u00f6ng\u00e9sz\u0151ben: <a href=\"http:\/\/windows.microsoft.com\/hu-hu\/windows-vista\/block-or-allow-cookies\">http:\/\/windows.microsoft.com\/hu-hu\/windows-vista\/block-or-allow-cookies<\/a><\/li>\n<\/ul>\n\n\n\n<h1 class=\"wp-block-heading\"><a id=\"erjogokkk\"><\/a><a><\/a><a id=\"_Toc113835535\"><strong>&nbsp;&nbsp;&nbsp;&nbsp;&nbsp;&nbsp;&nbsp;&nbsp;&nbsp;&nbsp;&nbsp;&nbsp;&nbsp;&nbsp;&nbsp;&nbsp;&nbsp;&nbsp;&nbsp;&nbsp;&nbsp;&nbsp;&nbsp;&nbsp;&nbsp;&nbsp;&nbsp;&nbsp;&nbsp;&nbsp;&nbsp;&nbsp;&nbsp;&nbsp;&nbsp;&nbsp;&nbsp;&nbsp;&nbsp;&nbsp;&nbsp;&nbsp;&nbsp;&nbsp;&nbsp;&nbsp;&nbsp;&nbsp;&nbsp;&nbsp;&nbsp;&nbsp;&nbsp;&nbsp;&nbsp;&nbsp;&nbsp;&nbsp;&nbsp;&nbsp;&nbsp;&nbsp;&nbsp;&nbsp;&nbsp;&nbsp;&nbsp;&nbsp;&nbsp;&nbsp;&nbsp;&nbsp;&nbsp;&nbsp;&nbsp;&nbsp;&nbsp;&nbsp;&nbsp;&nbsp;&nbsp;&nbsp;&nbsp;&nbsp;&nbsp;&nbsp;&nbsp;&nbsp;&nbsp;&nbsp;&nbsp;&nbsp;&nbsp;&nbsp;&nbsp;&nbsp;&nbsp;&nbsp;&nbsp;&nbsp;&nbsp;&nbsp;&nbsp;&nbsp;&nbsp;&nbsp;&nbsp;&nbsp;&nbsp;&nbsp;&nbsp;&nbsp;&nbsp;&nbsp;&nbsp;&nbsp;&nbsp;&nbsp;&nbsp;&nbsp;&nbsp;&nbsp;&nbsp;&nbsp;&nbsp;&nbsp;&nbsp;&nbsp;&nbsp;&nbsp;&nbsp;&nbsp;&nbsp;&nbsp;&nbsp;&nbsp;&nbsp;&nbsp;&nbsp;&nbsp;&nbsp;&nbsp;&nbsp;&nbsp;&nbsp;&nbsp;&nbsp;&nbsp;&nbsp;&nbsp; V.&nbsp;&nbsp;&nbsp;&nbsp;&nbsp;&nbsp;&nbsp;&nbsp; <\/strong><strong><u>Az \u00e9rintett jogai<\/u><\/strong><\/a><strong><u><\/u><\/strong><\/h1>\n\n\n\n<p><strong>Az \u00e9rintett jogai \u00e9s jogalapok viszony\u00e1t a k\u00f6vetkez\u0151 t\u00e1bl\u00e1zat mutatja be, hogy az \u00e9rintett sz\u00e1m\u00e1ra egy\u00e9rtelm\u0171 legyen, hogy az alkalmazott jogalap eset\u00e9n milyen jogaival \u00e9lhet.<\/strong><\/p>\n\n\n\n<figure class=\"wp-block-table\"><table><tbody><tr><td>&nbsp;<\/td><td>El\u0151zetes t\u00e1j\u00e9koz\u00f3d\u00e1shoz val\u00f3 jog<\/td><td>Hozz\u00e1f\u00e9r\u00e9s joga<\/td><td>Helyesb\u00edt\u00e9s joga<\/td><td>T\u00f6rl\u00e9s joga<\/td><td>Korl\u00e1toz\u00e1s<\/td><td>Adat-hordozhat\u00f3s\u00e1g<\/td><td>Tiltako-z\u00e1s<\/td><td>Hozz\u00e1j\u00e1rul\u00e1s visszavon\u00e1sa<\/td><\/tr><tr><td>Hozz\u00e1j\u00e1rul\u00e1s<\/td><td>\u2714<\/td><td>\u2714<\/td><td>\u2714<\/td><td>\u2714<\/td><td>\u2714<\/td><td>\u2714<\/td><td>\u2716<\/td><td>\u2714<\/td><\/tr><tr><td>Meg\u00e1llapod\u00e1s<\/td><td>\u2714<\/td><td>\u2714<\/td><td>\u2714<\/td><td>\u2714<\/td><td>\u2714<\/td><td>\u2714<\/td><td>\u2716<\/td><td>\u2716<\/td><\/tr><tr><td>Jogi k\u00f6telezetts\u00e9g<\/td><td>\u2714<\/td><td>\u2714<\/td><td>\u2714<\/td><td>\u2716<\/td><td>\u2714<\/td><td>\u2716<\/td><td>\u2716<\/td><td>\u2716<\/td><\/tr><tr><td>L\u00e9tfontoss\u00e1g\u00fa \u00e9rdek<\/td><td>\u2714<\/td><td>\u2714<\/td><td>\u2714<\/td><td>\u2714<\/td><td>\u2714<\/td><td>\u2716<\/td><td>\u2716<\/td><td>\u2716<\/td><\/tr><tr><td>K\u00f6zfeladat, k\u00f6zhatalmi jog.<\/td><td>\u2714<\/td><td>\u2714<\/td><td>\u2714<\/td><td>\u2716<\/td><td>\u2714<\/td><td>\u2716<\/td><td>\u2714<\/td><td>\u2716<\/td><\/tr><tr><td>Jogos \u00e9rdek<\/td><td>\u2714<\/td><td>\u2714<\/td><td>\u2714<\/td><td>\u2714<\/td><td>\u2714<\/td><td>\u2716<\/td><td>\u2714<\/td><td>\u2716<\/td><\/tr><\/tbody><\/table><\/figure>\n\n\n\n<h2 class=\"wp-block-heading\"><a id=\"_Toc113835536\"><strong>Hozz\u00e1f\u00e9r\u00e9shez val\u00f3 jog (GDPR 15. cikk)<\/strong><\/a><strong><\/strong><\/h2>\n\n\n\n<p>Az \u00e9rintett jogosult arra, hogy az Adatkezel\u0151t\u0151l visszajelz\u00e9st kapjon arra vonatkoz\u00f3an, hogy szem\u00e9lyes adatainak kezel\u00e9se folyamatban van-e, \u00e9s ha ilyen adatkezel\u00e9s folyamatban van, jogosult arra, hogy a szem\u00e9lyes adatokhoz \u00e9s az adatkezel\u00e9s k\u00f6r\u00fclm\u00e9nyeivel kapcsolatos inform\u00e1ci\u00f3khoz hozz\u00e1f\u00e9r\u00e9st kapjon. Ha szem\u00e9lyes adatoknak harmadik orsz\u00e1gba vagy nemzetk\u00f6zi szervezet r\u00e9sz\u00e9re t\u00f6rt\u00e9n\u0151 tov\u00e1bb\u00edt\u00e1s\u00e1ra ker\u00fcl sor, az \u00e9rintett jogosult arra, hogy t\u00e1j\u00e9koztat\u00e1st kapjon a tov\u00e1bb\u00edt\u00e1sra vonatkoz\u00f3an a 46. cikk szerinti megfelel\u0151 garanci\u00e1kr\u00f3l. Az Adatkezel\u0151 az adatkezel\u00e9s t\u00e1rgy\u00e1t k\u00e9pez\u0151 szem\u00e9lyes adatok m\u00e1solat\u00e1t az \u00e9rintett rendelkez\u00e9s\u00e9re bocs\u00e1tja, ha azokat \u00e9rintett k\u00e9ri.<\/p>\n\n\n\n<h2 class=\"wp-block-heading\"><a id=\"_Toc113835537\"><strong>Hozz\u00e1j\u00e1rul\u00e1s visszavon\u00e1s\u00e1nak joga (GDPR 7. cikk)<\/strong><\/a><strong><\/strong><\/h2>\n\n\n\n<p>\u00c9rintett jogosult arra, hogy a hozz\u00e1j\u00e1rul\u00e1s\u00e1t b\u00e1rmikor visszavonja. A hozz\u00e1j\u00e1rul\u00e1s visszavon\u00e1sa nem \u00e9rinti a hozz\u00e1j\u00e1rul\u00e1son alapul\u00f3, a visszavon\u00e1s el\u0151tti adatkezel\u00e9s jogszer\u0171s\u00e9g\u00e9t.<\/p>\n\n\n\n<h2 class=\"wp-block-heading\"><a id=\"_Toc113835538\"><strong>Helyesb\u00edt\u00e9shez val\u00f3 jog (GDPR 16. cikk)<\/strong><\/a><strong><\/strong><\/h2>\n\n\n\n<p>Az \u00e9rintett jogosult arra, hogy k\u00e9r\u00e9s\u00e9re az adatkezel\u0151 indokolatlan k\u00e9sedelem n\u00e9lk\u00fcl helyesb\u00edtse a r\u00e1 vonatkoz\u00f3 pontatlan szem\u00e9lyes adatokat.<\/p>\n\n\n\n<h2 class=\"wp-block-heading\"><a id=\"_Toc113835539\"><strong>Tiltakoz\u00e1shoz val\u00f3 jog (GDPR 21. cikk)<\/strong><\/a><strong><\/strong><\/h2>\n\n\n\n<p>Az \u00e9rintett jogosult arra, hogy a saj\u00e1t helyzet\u00e9vel kapcsolatos okokb\u00f3l b\u00e1rmikor tiltakozzon szem\u00e9lyes adatainak a GDPR 6. cikk (1) bek. e) vagy f) pontj\u00e1n alapul\u00f3 kezel\u00e9se ellen.<\/p>\n\n\n\n<p>Ebben az esetben az Adatkezel\u0151 a szem\u00e9lyes adatokat nem kezelheti tov\u00e1bb, kiv\u00e9ve, ha bizony\u00edtja, hogy az adatkezel\u00e9st olyan jogos okok indokolj\u00e1k, amelyek els\u0151bbs\u00e9get \u00e9lveznek az \u00e9rintett \u00e9rdekeivel, jogaival \u00e9s szabads\u00e1gaival szemben.<\/p>\n\n\n\n<h2 class=\"wp-block-heading\"><a id=\"_Toc113835540\"><strong>Adatkezel\u00e9s korl\u00e1toz\u00e1s\u00e1hoz val\u00f3 jog (GDPR 18. cikk)<\/strong><\/a><strong><\/strong><\/h2>\n\n\n\n<p>Az \u00e9rintett jogosult arra, hogy k\u00e9r\u00e9s\u00e9re az Adatkezel\u0151 korl\u00e1tozza az adatkezel\u00e9st, ha a GDPR-ban meghat\u00e1rozott felt\u00e9telek b\u00e1rmelyike megval\u00f3sul, \u00e9s ebben az esetben az Adatkezel\u0151 a t\u00e1rol\u00e1son k\u00edv\u00fcl m\u00e1s m\u0171veletet az adattal ne v\u00e9gezzen.<\/p>\n\n\n\n<p>Ha az \u00e9rintett tiltakozott az adatkezel\u00e9s ellen; ez esetben a korl\u00e1toz\u00e1s arra az id\u0151tartamra vonatkozik, am\u00edg meg\u00e1llap\u00edt\u00e1sra nem ker\u00fcl, hogy az Adatkezel\u0151 jogos indokai els\u0151bbs\u00e9get \u00e9lveznek-e az \u00e9rintett jogos indokaival szemben.<\/p>\n\n\n\n<h2 class=\"wp-block-heading\"><a id=\"_Toc113835541\"><strong>T\u00f6rl\u00e9shez (elfeledtet\u00e9shez) val\u00f3 jog (GDPR 17. cikk)<\/strong><\/a><strong><\/strong><\/h2>\n\n\n\n<p>Az \u00e9rintett jogosult arra, hogy az Adatkezel\u0151 indokolatlan k\u00e9sedelem n\u00e9lk\u00fcl t\u00f6r\u00f6lje a r\u00e1 vonatkoz\u00f3 szem\u00e9lyes adatokat, ha az adatkezel\u00e9snek nincs c\u00e9lja, hozz\u00e1j\u00e1rul\u00e1s\u00e1t visszavonta \u00e9s nincsen egy\u00e9b jogalapja, tiltakoz\u00e1s eset\u00e9n nincs els\u0151bbs\u00e9get \u00e9lvez\u0151 jogszer\u0171 ok az adatkezel\u00e9sre, vagy ha az adatokat eleve jogellenesen kezelt\u00e9k, tov\u00e1bb\u00e1 az adatokat jogi k\u00f6telezetts\u00e9g teljes\u00edt\u00e9s\u00e9hez t\u00f6r\u00f6lni kell. Ha az Adatkezel\u0151 nyilv\u00e1noss\u00e1gra hozta a szem\u00e9lyes adatot, \u00e9s azt t\u00f6r\u00f6lni k\u00f6teles, az el\u00e9rhet\u0151 technol\u00f3gia \u00e9s a megval\u00f3s\u00edt\u00e1s k\u00f6lts\u00e9geinek figyelembev\u00e9tel\u00e9vel megteszi az \u00e9sszer\u0171en elv\u00e1rhat\u00f3 l\u00e9p\u00e9seket \u2013 ide\u00e9rtve technikai int\u00e9zked\u00e9seket \u2013 annak \u00e9rdek\u00e9ben, hogy t\u00e1j\u00e9koztassa az adatokat kezel\u0151 adatkezel\u0151ket, hogy az \u00e9rintett k\u00e9relmezte t\u0151l\u00fck a sz\u00f3ban forg\u00f3 szem\u00e9lyes adatokra mutat\u00f3 linkek vagy e szem\u00e9lyes adatok m\u00e1solat\u00e1nak, illetve m\u00e1sodp\u00e9ld\u00e1ny\u00e1nak t\u00f6rl\u00e9s\u00e9t.<\/p>\n\n\n\n<h2 class=\"wp-block-heading\"><a id=\"_Toc113835542\"><strong>Adathordozhat\u00f3s\u00e1ghoz val\u00f3 jog (GDPR 20. cikk)<\/strong><\/a><strong><\/strong><\/h2>\n\n\n\n<p>Az \u00e9rintett jogosult arra, hogy a r\u00e1 vonatkoz\u00f3, \u00e1ltala az Adatkezel\u0151 rendelkez\u00e9s\u00e9re bocs\u00e1tott szem\u00e9lyes adatokat tagolt, sz\u00e9les k\u00f6rben haszn\u00e1lt, g\u00e9ppel olvashat\u00f3 form\u00e1tumban megkapja, tov\u00e1bb\u00e1 jogosult arra, hogy ezeket az adatokat egy m\u00e1sik adatkezel\u0151nek tov\u00e1bb\u00edtsa an\u00e9lk\u00fcl, hogy ezt akad\u00e1lyozn\u00e1 az az adatkezel\u0151, amelynek a szem\u00e9lyes adatokat a rendelkez\u00e9s\u00e9re bocs\u00e1totta, ha jogszab\u00e1lyi felt\u00e9telek (automatiz\u00e1lt adatkezel\u00e9s \u00e9s hozz\u00e1j\u00e1rul\u00e1s vagy meg\u00e1llapod\u00e1s jogalap) fenn\u00e1llnak .<\/p>\n\n\n\n<h2 class=\"wp-block-heading\"><a id=\"_Toc113835543\"><strong>\u00c9rintett hol \u00e9s hogyan k\u00e9rhet r\u00e9szletes t\u00e1j\u00e9koztat\u00e1st az adatok kezel\u00e9s\u00e9r\u0151l, tov\u00e1bb\u00edt\u00e1s\u00e1r\u00f3l, valamint hol \u00e9s hogyan \u00e9lhet jogaival?<\/strong><\/a><strong><\/strong><\/h2>\n\n\n\n<p>Adatkezel\u0151 felh\u00edvja az \u00e9rintettek figyelm\u00e9t, hogy az \u00e9rintettek t\u00e1j\u00e9koztat\u00e1s k\u00e9r\u00e9s\u00fcket, hozz\u00e1f\u00e9r\u00e9si jogukat, valamint egy\u00e9b jogaik gyakorl\u00e1s\u00e1t Adatkezel\u0151 postai vagy e-mail-es el\u00e9rhet\u0151s\u00e9gre k\u00fcld\u00f6tt nyilatkozattal tehetik meg. Az Adatkezel\u0151 a nyilatkozatot a be\u00e9rkez\u00e9st\u0151l sz\u00e1m\u00edtott legr\u00f6videbb id\u0151n bel\u00fcl megvizsg\u00e1lja \u00e9s megv\u00e1laszolja, valamint megteszi a sz\u00fcks\u00e9ges l\u00e9p\u00e9seket a nyilatkozatban, az Adatv\u00e9delmi Szab\u00e1lyzatban, valamint jogszab\u00e1lyban foglaltak alapj\u00e1n.<\/p>\n\n\n\n<h2 class=\"wp-block-heading\"><a id=\"_Toc113835544\"><strong>A hat\u00f3s\u00e1g el\u00e9rhet\u0151s\u00e9ge panasz (GDPR 77. cikk) eset\u00e9n:<\/strong><\/a><strong><\/strong><\/h2>\n\n\n\n<p>Nemzeti Adatv\u00e9delmi \u00e9s Inform\u00e1ci\u00f3szabads\u00e1g Hat\u00f3s\u00e1g<\/p>\n\n\n\n<p>C\u00edm: 1055 Budapest, Falk Miksa utca 9-11.<\/p>\n\n\n\n<p>Levelez\u00e9si c\u00edm: 1363 Budapest, Pf. 9.<\/p>\n\n\n\n<p>Telefon: +36 (1) 391-1400<\/p>\n\n\n\n<p>Fax: +36 (1) 391-1410<\/p>\n\n\n\n<p>www: http:\/\/www.naih.hu<\/p>\n\n\n\n<p>e-mail: <a href=\"mailto:ugyfelszolgalat@naih.hu\">ugyfelszolgalat@naih.hu<\/a><\/p>\n\n\n\n<p>Jogaival \u00e9s a hat\u00f3s\u00e1ghoz beny\u00fajtand\u00f3 panasz r\u00e9szleteivel kapcsolatos tov\u00e1bbi inform\u00e1ci\u00f3\u00e9rt keresse fel az al\u00e1bbi honlapot: <a href=\"http:\/\/naih.hu\/panaszuegyintezes-rendje.html\">http:\/\/naih.hu\/panaszuegyintezes-rendje.html<\/a>.<\/p>\n\n\n\n<p>Az \u00e9rintett a jogainak megs\u00e9rt\u00e9se eset\u00e9n a lak\u00f3helye szerint illet\u00e9kes b\u00edr\u00f3s\u00e1ghoz is fordulhat \u00e9s t\u00f6bbek k\u00f6z\u00f6tt s\u00e9relemd\u00edjat k\u00f6vetelhet.<\/p>\n\n\n\n<p>A lak\u00f3helye szerint illet\u00e9kes b\u00edr\u00f3s\u00e1got itt tudja megkeresni: <a href=\"https:\/\/birosag.hu\/birosag-kereso\">https:\/\/birosag.hu\/birosag-kereso<\/a><\/p>\n\n\n\n<p>El\u0151fordulhat, hogy a weboldal szolg\u00e1ltat\u00e1sai \u00e9s funkci\u00f3i a j\u00f6v\u0151ben megv\u00e1ltoznak, ennek megfelel\u0151en az Adatkezel\u00e9si t\u00e1j\u00e9koztat\u00f3t is m\u00f3dos\u00edthatja az Adatkezel\u0151. A t\u00e1j\u00e9koztat\u00f3 \u00fajabb verzi\u00f3it szint\u00e9n a weboldalon teszi k\u00f6zz\u00e9. A fenti dokumentum t\u00e1j\u00e9koztat\u00f3 jelleggel k\u00e9sz\u00fclt. A benne foglaltak utols\u00f3 fel\u00fclvizsg\u00e1lat\u00e1nak d\u00e1tuma: 2023. 05. 05.<\/p>\n\n\n\n<p>Vaszari Viktor<\/p>\n\n\n\n<p>\u00dcgyvezet\u0151 igazgat\u00f3<\/p>\n\n\n\n<p>Mediversal Kft.<\/p>","protected":false},"excerpt":{"rendered":"<p>Mediversal Kft. adatkezel\u00e9si t\u00e1j\u00e9koztat\u00f3ja a Mediversal Vision szemklinika online v\u00e9gzett adatkezel\u00e9seivel kapcsolatban A Mediversal Kft. (sz\u00e9khely: 6725 Szeged, Semmelweis utca 8., c\u00e9gjegyz\u00e9ksz\u00e1m: 06-09-011070, ad\u00f3sz\u00e1m: 13882495-2-06, telefonsz\u00e1m: +36 70 439 2188, e-mail: info@mediversal.hu, \u00f6n\u00e1ll\u00f3an k\u00e9pviseli: Vaszari Viktor \u00fcgyvezet\u0151 igazgat\u00f3, adatv\u00e9delmi tisztvisel\u0151 neve, el\u00e9rhet\u0151s\u00e9ge: Dr. B\u00f6lcskei Kriszti\u00e1n, postai \u00faton el\u00e9rhet\u0151 az Adatkezel\u0151 sz\u00e9khely\u00e9re c\u00edmzett lev\u00e9llel, elektronikusan az [&hellip;]<\/p>","protected":false},"author":2,"featured_media":531,"parent":0,"menu_order":0,"comment_status":"closed","ping_status":"closed","template":"","meta":{"_acf_changed":false,"footnotes":""},"class_list":["post-3","page","type-page","status-publish","has-post-thumbnail","hentry"],"acf":[],"_links":{"self":[{"href":"https:\/\/mediversalvision.hu\/en\/wp-json\/wp\/v2\/pages\/3","targetHints":{"allow":["GET"]}}],"collection":[{"href":"https:\/\/mediversalvision.hu\/en\/wp-json\/wp\/v2\/pages"}],"about":[{"href":"https:\/\/mediversalvision.hu\/en\/wp-json\/wp\/v2\/types\/page"}],"author":[{"embeddable":true,"href":"https:\/\/mediversalvision.hu\/en\/wp-json\/wp\/v2\/users\/2"}],"replies":[{"embeddable":true,"href":"https:\/\/mediversalvision.hu\/en\/wp-json\/wp\/v2\/comments?post=3"}],"version-history":[{"count":3,"href":"https:\/\/mediversalvision.hu\/en\/wp-json\/wp\/v2\/pages\/3\/revisions"}],"predecessor-version":[{"id":530,"href":"https:\/\/mediversalvision.hu\/en\/wp-json\/wp\/v2\/pages\/3\/revisions\/530"}],"wp:featuredmedia":[{"embeddable":true,"href":"https:\/\/mediversalvision.hu\/en\/wp-json\/wp\/v2\/media\/531"}],"wp:attachment":[{"href":"https:\/\/mediversalvision.hu\/en\/wp-json\/wp\/v2\/media?parent=3"}],"curies":[{"name":"wp","href":"https:\/\/api.w.org\/{rel}","templated":true}]}}